{"id":86,"date":"2018-08-16T09:43:38","date_gmt":"2018-08-16T07:43:38","guid":{"rendered":"http:\/\/shop.ur-windschott.de\/?page_id=86"},"modified":"2026-02-25T18:15:36","modified_gmt":"2026-02-25T17:15:36","slug":"produkte","status":"publish","type":"page","link":"https:\/\/ur-windschott.de\/en\/produkte\/","title":{"rendered":"Products - our glass-winddeflectors"},"content":{"rendered":"<div id=\"pl-86\"  class=\"panel-layout\" ><div id=\"pg-86-0\"  class=\"panel-grid panel-has-style\" ><div style=\"padding: 0px 0; \" data-overlay=\"true\" data-overlay-color=\"#000000\" class=\"panel-row-style panel-row-style-for-86-0\" ><div id=\"pgc-86-0-0\"  class=\"panel-grid-cell\" ><div id=\"panel-86-0-0-0\" class=\"so-panel widget widget_sow-editor panel-first-child\" data-index=\"0\" ><div style=\"text-align: left;\" data-title-color=\"#443f3f\" data-headings-color=\"#443f3f\" class=\"panel-widget-style panel-widget-style-for-86-0-0-0\" ><div\n\t\t\t\n\t\t\tclass=\"so-widget-sow-editor so-widget-sow-editor-base\"\n\t\t\t\n\t\t>\n<div class=\"siteorigin-widget-tinymce textwidget\">\n\t<h3 class=\"xr_tl Heading_2\">The reason why customers decide on a UR-glass-winddeflector<\/h3>\n<ul>\n<li>T\u00dcV tested with certificate, so no loss of operating licence for your car<\/li>\n<li><span class=\"xr_tl Normal_text\">more security with a clear, unrestricted view to the back, even in the dark season or at night<\/span><\/li>\n<li><span class=\"xr_tl Normal_text\">product forms on each vehicle individually adapted<\/span><\/li>\n<li><span class=\"xr_tl Normal_text\">all parts carefully manufactured on CNC controlled machines<\/span><\/li>\n<li><span class=\"xr_tl Normal_text\">simple, and very quick assembly<\/span><\/li>\n<li>very good wind \/draught protection<\/li>\n<li><span class=\"xr_tl Normal_text\">we use only special glass from authorized manufacturer with DIN standard stamp<\/span><\/li>\n<li><span class=\"xr_tl Normal_text\">our products are registered with the German patent and Trademark Office<\/span><\/li>\n<li><span class=\"xr_tl Normal_text\">100 % satisfied customers!!!<\/span><\/li>\n<li>We personalize your wind deflector to a single piece by apply your desired design (logo or motif ...) firmly against the glass. If you are interested, please contact us.<\/li>\n<\/ul>\n<h3 class=\"xr_tl Heading_2\">Please select your model<\/h3>\n<ul>\n<li><a href=\"https:\/\/ur-windschott.de\/en\/bmw-2er-cabrio\/\"><span class=\"xr_tl Normal_text\">BMW 2 Cabrio F23<\/span><\/a><\/li>\n<li><a href=\"https:\/\/ur-windschott.de\/en\/bmw-4er-cabrio-f33-f83\/\"><span class=\"xr_tl Normal_text\">BMW 4 Cabrio F33 and M4 F83<\/span><\/a><\/li>\n<li><a href=\"https:\/\/ur-windschott.de\/en\/bmw-4er-cabrio-g23-g83\/\">BMW 4 Cabrio G23 and M4 G83<\/a><\/li>\n<li><a href=\"https:\/\/ur-windschott.de\/en\/bmw-8er-cabrio-g14\/\">BMW 8 Cabrio G14<\/a><\/li>\n<li><a href=\"https:\/\/ur-windschott.de\/en\/bmw-z4-e85\/\"><span class=\"xr_tl Normal_text\">BMW Z4 E85<\/span><\/a><\/li>\n<li><a href=\"https:\/\/ur-windschott.de\/en\/bmw-z4-e89\/\"><span class=\"xr_tl Normal_text\">BMW Z4 E89<\/span><\/a><\/li>\n<li><a href=\"https:\/\/ur-windschott.de\/en\/bmw-z4-g29\/\">BMW Z4 G29<\/a><\/li>\n<li><a href=\"https:\/\/ur-windschott.de\/en\/fiat-124-spyder\/\"><span class=\"xr_tl Normal_text\">Fiat 124 Spider<\/span><\/a><\/li>\n<li><a href=\"https:\/\/ur-windschott.de\/en\/jaguar-f-type-modell-2013\/\"><span class=\"xr_tl Normal_text\">Jaguar F-Type<\/span><\/a><\/li>\n<li><a href=\"https:\/\/ur-windschott.de\/en\/mazda-mx-5-nd\/\"><span class=\"xr_tl Normal_text\">Mazda MX-5 ND<\/span><\/a><\/li>\n<li><a href=\"https:\/\/ur-windschott.de\/en\/mercedes-slk-r171\/\"><span class=\"xr_tl Normal_text\">Mercedes SLK R171<\/span><\/a><\/li>\n<li><a href=\"https:\/\/ur-windschott.de\/en\/mercedes-slk-r172-new-version\/\">Mercedes SLK\/SLC R172 New Version<\/a><\/li>\n<li><a href=\"https:\/\/ur-windschott.de\/en\/mercedes-slk-r172\/\"><span class=\"xr_tl Normal_text\">Mercedes SLK\/SLC R172<\/span><\/a><\/li>\n<li><a href=\"https:\/\/ur-windschott.de\/en\/mini-roadster\/\">MINI Roadster<\/a><\/li>\n<li><a href=\"https:\/\/ur-windschott.de\/en\/opel-tigra-twin-top\/\"><span class=\"xr_tl Normal_text\">Opel Tigra Twin Top<\/span><\/a><\/li>\n<li><a href=\"https:\/\/ur-windschott.de\/en\/porsche-boxster-modell-981-niedrige-ausfuehrung-auch-spyder\/\"><span class=\"xr_tl Normal_text\">Porsche Boxster Model 981 and Spyder low version<\/span><\/a><\/li>\n<li><a href=\"https:\/\/ur-windschott.de\/en\/porsche-boxster-modell-981-hohe-ausfuehrung-auch-spyder\/\"><span class=\"xr_tl Normal_text\">Porsche Boxster Model 981 and Spyder high version<\/span><\/a><\/li>\n<li><a href=\"https:\/\/ur-windschott.de\/en\/porsche-boxster-modell-718-niedrige-ausfuehrung-auch-spyder\/\"><span class=\"xr_tl Normal_text\">Porsche Boxster Model 718 and Spyder low version<\/span><\/a><\/li>\n<li><a href=\"https:\/\/ur-windschott.de\/en\/porsche-boxster-modell-718-hohe-ausfuehrung-auch-spyder\/\"><span class=\"xr_tl Normal_text\">Porsche Boxster Model 718 and Spyder high version<\/span><\/a><\/li>\n<\/ul>\n<\/div>\n<\/div><\/div><\/div><div id=\"panel-86-0-0-1\" class=\"so-panel widget widget_sow-button\" data-index=\"1\" ><div style=\"text-align: left;\" data-title-color=\"#443f3f\" data-headings-color=\"#443f3f\" class=\"panel-widget-style panel-widget-style-for-86-0-0-1\" ><div\n\t\t\t\n\t\t\tclass=\"so-widget-sow-button so-widget-sow-button-atom-78c33903140b-86\"\n\t\t\t\n\t\t><div class=\"ow-button-base ow-button-align-center\"\n>\n\t\t\t<a\n\t\t\t\t\thref=\"\/en\/shop\/\"\n\t\t\t\t\tclass=\"sowb-button ow-icon-placement-left ow-button-hover\" \t>\n\t\t<span>\n\t\t\t\n\t\t\tTo the shop\t\t<\/span>\n\t\t\t<\/a>\n\t<\/div>\n<\/div><\/div><\/div><div id=\"panel-86-0-0-2\" class=\"so-panel widget widget_sow-editor panel-last-child\" data-index=\"2\" ><div style=\"text-align: left;\" data-title-color=\"#443f3f\" data-headings-color=\"#443f3f\" class=\"panel-widget-style panel-widget-style-for-86-0-0-2\" ><div\n\t\t\t\n\t\t\tclass=\"so-widget-sow-editor so-widget-sow-editor-base\"\n\t\t\t\n\t\t>\n<div class=\"siteorigin-widget-tinymce textwidget\">\n\t<p>Windschott Glas Glaswindschott Windshield Winddeflector Deflector D\u00e9flecteur De Vent Glas-Windschott Frangivento Windscreen Wind Glass Glasswinddeflector Viento Windblocker Windrestrictor Vento<\/p>\n<\/div>\n<\/div><\/div><\/div><\/div><div id=\"pgc-86-0-1\"  class=\"panel-grid-cell\" ><div id=\"panel-86-0-1-0\" class=\"so-panel widget widget_sow-image panel-first-child\" data-index=\"3\" ><div style=\"text-align: left;\" data-title-color=\"#443f3f\" data-headings-color=\"#443f3f\" class=\"panel-widget-style panel-widget-style-for-86-0-1-0\" ><div\n\t\t\t\n\t\t\tclass=\"so-widget-sow-image so-widget-sow-image-default-8b5b6f678277-86\"\n\t\t\t\n\t\t>\n<div class=\"sow-image-container\">\n\t\t<img \n\tsrc=\"https:\/\/ur-windschott.de\/wp-content\/uploads\/2021\/04\/G29URWindschott.jpg\" width=\"900\" height=\"628\" srcset=\"https:\/\/ur-windschott.de\/wp-content\/uploads\/2021\/04\/G29URWindschott.jpg 900w, https:\/\/ur-windschott.de\/wp-content\/uploads\/2021\/04\/G29URWindschott-300x209.jpg 300w, https:\/\/ur-windschott.de\/wp-content\/uploads\/2021\/04\/G29URWindschott-768x536.jpg 768w, https:\/\/ur-windschott.de\/wp-content\/uploads\/2021\/04\/G29URWindschott-16x12.jpg 16w, https:\/\/ur-windschott.de\/wp-content\/uploads\/2021\/04\/G29URWindschott-830x579.jpg 830w, https:\/\/ur-windschott.de\/wp-content\/uploads\/2021\/04\/G29URWindschott-230x160.jpg 230w, https:\/\/ur-windschott.de\/wp-content\/uploads\/2021\/04\/G29URWindschott-350x244.jpg 350w, https:\/\/ur-windschott.de\/wp-content\/uploads\/2021\/04\/G29URWindschott-480x335.jpg 480w\" sizes=\"(max-width: 900px) 100vw, 900px\" title=\"UR-Windschott G29 Glaswindschott Glass-Winddeflector\" alt=\"BMW G29 Glaswindschott Glass Winddeflector\" \t\tclass=\"so-widget-image\"\/>\n\t<\/div>\n\n<\/div><\/div><\/div><div id=\"panel-86-0-1-1\" class=\"so-panel widget widget_sow-image\" data-index=\"4\" ><div style=\"text-align: left;\" data-title-color=\"#443f3f\" data-headings-color=\"#443f3f\" class=\"panel-widget-style panel-widget-style-for-86-0-1-1\" ><div\n\t\t\t\n\t\t\tclass=\"so-widget-sow-image so-widget-sow-image-default-8b5b6f678277-86\"\n\t\t\t\n\t\t>\n<div class=\"sow-image-container\">\n\t\t<img \n\tsrc=\"https:\/\/ur-windschott.de\/wp-content\/uploads\/2020\/02\/Z4-G29-Glaswindschott-UR-Windschott-2.jpg\" width=\"800\" height=\"450\" srcset=\"https:\/\/ur-windschott.de\/wp-content\/uploads\/2020\/02\/Z4-G29-Glaswindschott-UR-Windschott-2.jpg 800w, https:\/\/ur-windschott.de\/wp-content\/uploads\/2020\/02\/Z4-G29-Glaswindschott-UR-Windschott-2-300x169.jpg 300w, https:\/\/ur-windschott.de\/wp-content\/uploads\/2020\/02\/Z4-G29-Glaswindschott-UR-Windschott-2-768x432.jpg 768w, https:\/\/ur-windschott.de\/wp-content\/uploads\/2020\/02\/Z4-G29-Glaswindschott-UR-Windschott-2-230x129.jpg 230w, https:\/\/ur-windschott.de\/wp-content\/uploads\/2020\/02\/Z4-G29-Glaswindschott-UR-Windschott-2-350x197.jpg 350w, https:\/\/ur-windschott.de\/wp-content\/uploads\/2020\/02\/Z4-G29-Glaswindschott-UR-Windschott-2-480x270.jpg 480w\" sizes=\"(max-width: 800px) 100vw, 800px\" title=\"BMW Z4 G29 UR-Windschott Glaswindschott\" alt=\"Glass winddeflector BMW Z4 G29 UR-Windschott\" \t\tclass=\"so-widget-image\"\/>\n\t<\/div>\n\n<\/div><\/div><\/div><div id=\"panel-86-0-1-2\" class=\"so-panel widget widget_sow-image\" data-index=\"5\" ><div style=\"text-align: left;\" data-title-color=\"#443f3f\" data-headings-color=\"#443f3f\" class=\"panel-widget-style panel-widget-style-for-86-0-1-2\" ><div\n\t\t\t\n\t\t\tclass=\"so-widget-sow-image so-widget-sow-image-default-8b5b6f678277-86\"\n\t\t\t\n\t\t>\n<div class=\"sow-image-container\">\n\t\t<img \n\tsrc=\"https:\/\/ur-windschott.de\/wp-content\/uploads\/2026\/01\/3-0.jpg\" width=\"1780\" height=\"1335\" srcset=\"https:\/\/ur-windschott.de\/wp-content\/uploads\/2026\/01\/3-0.jpg 1780w, https:\/\/ur-windschott.de\/wp-content\/uploads\/2026\/01\/3-0-300x225.jpg 300w, https:\/\/ur-windschott.de\/wp-content\/uploads\/2026\/01\/3-0-1024x768.jpg 1024w, https:\/\/ur-windschott.de\/wp-content\/uploads\/2026\/01\/3-0-768x576.jpg 768w, https:\/\/ur-windschott.de\/wp-content\/uploads\/2026\/01\/3-0-1536x1152.jpg 1536w, https:\/\/ur-windschott.de\/wp-content\/uploads\/2026\/01\/3-0-16x12.jpg 16w, https:\/\/ur-windschott.de\/wp-content\/uploads\/2026\/01\/3-0-1000x750.jpg 1000w, https:\/\/ur-windschott.de\/wp-content\/uploads\/2026\/01\/3-0-230x173.jpg 230w, https:\/\/ur-windschott.de\/wp-content\/uploads\/2026\/01\/3-0-350x263.jpg 350w, https:\/\/ur-windschott.de\/wp-content\/uploads\/2026\/01\/3-0-480x360.jpg 480w\" sizes=\"(max-width: 1780px) 100vw, 1780px\" title=\"BMW G29 Glaswindschott aus ESG mit T\u00dcV-Zulassung\" alt=\"\" \t\tclass=\"so-widget-image\"\/>\n\t<\/div>\n\n<\/div><\/div><\/div><div id=\"panel-86-0-1-3\" class=\"so-panel widget widget_sow-image\" data-index=\"6\" ><div style=\"text-align: left;\" data-title-color=\"#443f3f\" data-headings-color=\"#443f3f\" class=\"panel-widget-style panel-widget-style-for-86-0-1-3\" ><div\n\t\t\t\n\t\t\tclass=\"so-widget-sow-image so-widget-sow-image-default-8b5b6f678277-86\"\n\t\t\t\n\t\t>\n<div class=\"sow-image-container\">\n\t\t<img \n\tsrc=\"https:\/\/ur-windschott.de\/wp-content\/uploads\/2021\/07\/P1090125-2.jpg\" width=\"800\" height=\"552\" srcset=\"https:\/\/ur-windschott.de\/wp-content\/uploads\/2021\/07\/P1090125-2.jpg 800w, https:\/\/ur-windschott.de\/wp-content\/uploads\/2021\/07\/P1090125-2-300x207.jpg 300w, https:\/\/ur-windschott.de\/wp-content\/uploads\/2021\/07\/P1090125-2-768x530.jpg 768w, https:\/\/ur-windschott.de\/wp-content\/uploads\/2021\/07\/P1090125-2-16x12.jpg 16w, https:\/\/ur-windschott.de\/wp-content\/uploads\/2021\/07\/P1090125-2-230x159.jpg 230w, https:\/\/ur-windschott.de\/wp-content\/uploads\/2021\/07\/P1090125-2-350x242.jpg 350w, https:\/\/ur-windschott.de\/wp-content\/uploads\/2021\/07\/P1090125-2-480x331.jpg 480w\" sizes=\"(max-width: 800px) 100vw, 800px\" title=\"Glass winddeflector for your BMW G14 by UR-Windschott made of real glass\" alt=\"UR-Windschott Glaswindschott f\u00fcr Ihren BMW 8er G14 Frangivento Glass Winddeflector D\u00e9flecteur De Vent\" \t\tclass=\"so-widget-image\"\/>\n\t<\/div>\n\n<\/div><\/div><\/div><div id=\"panel-86-0-1-4\" class=\"so-panel widget widget_sow-image\" data-index=\"7\" ><div style=\"text-align: left;\" data-title-color=\"#443f3f\" data-headings-color=\"#443f3f\" class=\"panel-widget-style panel-widget-style-for-86-0-1-4\" ><div\n\t\t\t\n\t\t\tclass=\"so-widget-sow-image so-widget-sow-image-default-8b5b6f678277-86\"\n\t\t\t\n\t\t>\n<div class=\"sow-image-container\">\n\t\t<img \n\tsrc=\"https:\/\/ur-windschott.de\/wp-content\/uploads\/2023\/11\/UR-Windschott-Glaswindschott-Glass-Winddeflector-Boxster-GoPro-Mount-low.jpeg\" width=\"903\" height=\"677\" srcset=\"https:\/\/ur-windschott.de\/wp-content\/uploads\/2023\/11\/UR-Windschott-Glaswindschott-Glass-Winddeflector-Boxster-GoPro-Mount-low.jpeg 903w, https:\/\/ur-windschott.de\/wp-content\/uploads\/2023\/11\/UR-Windschott-Glaswindschott-Glass-Winddeflector-Boxster-GoPro-Mount-low-300x225.jpeg 300w, https:\/\/ur-windschott.de\/wp-content\/uploads\/2023\/11\/UR-Windschott-Glaswindschott-Glass-Winddeflector-Boxster-GoPro-Mount-low-768x576.jpeg 768w, https:\/\/ur-windschott.de\/wp-content\/uploads\/2023\/11\/UR-Windschott-Glaswindschott-Glass-Winddeflector-Boxster-GoPro-Mount-low-16x12.jpeg 16w, https:\/\/ur-windschott.de\/wp-content\/uploads\/2023\/11\/UR-Windschott-Glaswindschott-Glass-Winddeflector-Boxster-GoPro-Mount-low-230x172.jpeg 230w, https:\/\/ur-windschott.de\/wp-content\/uploads\/2023\/11\/UR-Windschott-Glaswindschott-Glass-Winddeflector-Boxster-GoPro-Mount-low-350x262.jpeg 350w, https:\/\/ur-windschott.de\/wp-content\/uploads\/2023\/11\/UR-Windschott-Glaswindschott-Glass-Winddeflector-Boxster-GoPro-Mount-low-480x360.jpeg 480w\" sizes=\"(max-width: 903px) 100vw, 903px\" title=\"Glaswindschott Boxster Glass-winddeflector Camera\" alt=\"Glaswindschott Glass winddeflector Boxster Camera-Mount low version UR-Windschott\" \t\tclass=\"so-widget-image\"\/>\n\t<\/div>\n\n<\/div><\/div><\/div><div id=\"panel-86-0-1-5\" class=\"so-panel widget widget_sow-image\" data-index=\"8\" ><div style=\"text-align: left;\" data-title-color=\"#443f3f\" data-headings-color=\"#443f3f\" class=\"panel-widget-style panel-widget-style-for-86-0-1-5\" ><div\n\t\t\t\n\t\t\tclass=\"so-widget-sow-image so-widget-sow-image-default-8b5b6f678277-86\"\n\t\t\t\n\t\t>\n<div class=\"sow-image-container\">\n\t\t<img \n\tsrc=\"https:\/\/ur-windschott.de\/wp-content\/uploads\/2021\/02\/Spyder.jpg\" width=\"900\" height=\"675\" srcset=\"https:\/\/ur-windschott.de\/wp-content\/uploads\/2021\/02\/Spyder.jpg 900w, https:\/\/ur-windschott.de\/wp-content\/uploads\/2021\/02\/Spyder-300x225.jpg 300w, https:\/\/ur-windschott.de\/wp-content\/uploads\/2021\/02\/Spyder-768x576.jpg 768w, https:\/\/ur-windschott.de\/wp-content\/uploads\/2021\/02\/Spyder-16x12.jpg 16w, https:\/\/ur-windschott.de\/wp-content\/uploads\/2021\/02\/Spyder-830x623.jpg 830w, https:\/\/ur-windschott.de\/wp-content\/uploads\/2021\/02\/Spyder-230x173.jpg 230w, https:\/\/ur-windschott.de\/wp-content\/uploads\/2021\/02\/Spyder-350x263.jpg 350w, https:\/\/ur-windschott.de\/wp-content\/uploads\/2021\/02\/Spyder-480x360.jpg 480w\" sizes=\"(max-width: 900px) 100vw, 900px\" title=\"UR-Windschott Porsche Boxster Spyder\" alt=\"Porsche Boxster Glaswindschott Glass Winddeflector Frangivento D\u00e9flecteur De Vent\" \t\tclass=\"so-widget-image\"\/>\n\t<\/div>\n\n<\/div><\/div><\/div><div id=\"panel-86-0-1-6\" class=\"so-panel widget widget_sow-image\" data-index=\"9\" ><div style=\"text-align: left;\" data-title-color=\"#443f3f\" data-headings-color=\"#443f3f\" class=\"panel-widget-style panel-widget-style-for-86-0-1-6\" ><div\n\t\t\t\n\t\t\tclass=\"so-widget-sow-image so-widget-sow-image-default-8b5b6f678277-86\"\n\t\t\t\n\t\t>\n<div class=\"sow-image-container\">\n\t\t<img \n\tsrc=\"https:\/\/ur-windschott.de\/wp-content\/uploads\/2023\/11\/UR-Windschott-Glaswindschott-Glass-Winddeflector-Boxster-high-Spyder-glas.jpeg\" width=\"1280\" height=\"848\" srcset=\"https:\/\/ur-windschott.de\/wp-content\/uploads\/2023\/11\/UR-Windschott-Glaswindschott-Glass-Winddeflector-Boxster-high-Spyder-glas.jpeg 1280w, https:\/\/ur-windschott.de\/wp-content\/uploads\/2023\/11\/UR-Windschott-Glaswindschott-Glass-Winddeflector-Boxster-high-Spyder-glas-300x199.jpeg 300w, https:\/\/ur-windschott.de\/wp-content\/uploads\/2023\/11\/UR-Windschott-Glaswindschott-Glass-Winddeflector-Boxster-high-Spyder-glas-1024x678.jpeg 1024w, https:\/\/ur-windschott.de\/wp-content\/uploads\/2023\/11\/UR-Windschott-Glaswindschott-Glass-Winddeflector-Boxster-high-Spyder-glas-768x509.jpeg 768w, https:\/\/ur-windschott.de\/wp-content\/uploads\/2023\/11\/UR-Windschott-Glaswindschott-Glass-Winddeflector-Boxster-high-Spyder-glas-18x12.jpeg 18w, https:\/\/ur-windschott.de\/wp-content\/uploads\/2023\/11\/UR-Windschott-Glaswindschott-Glass-Winddeflector-Boxster-high-Spyder-glas-1000x663.jpeg 1000w, https:\/\/ur-windschott.de\/wp-content\/uploads\/2023\/11\/UR-Windschott-Glaswindschott-Glass-Winddeflector-Boxster-high-Spyder-glas-230x152.jpeg 230w, https:\/\/ur-windschott.de\/wp-content\/uploads\/2023\/11\/UR-Windschott-Glaswindschott-Glass-Winddeflector-Boxster-high-Spyder-glas-350x232.jpeg 350w, https:\/\/ur-windschott.de\/wp-content\/uploads\/2023\/11\/UR-Windschott-Glaswindschott-Glass-Winddeflector-Boxster-high-Spyder-glas-480x318.jpeg 480w\" sizes=\"(max-width: 1280px) 100vw, 1280px\" title=\"Glaswindschott Boxster Glass-winddeflector\" alt=\"Glaswindschott Glass winddeflector Boxster high version UR-Windschott\" \t\tclass=\"so-widget-image\"\/>\n\t<\/div>\n\n<\/div><\/div><\/div><div id=\"panel-86-0-1-7\" class=\"so-panel widget widget_sow-image\" data-index=\"10\" ><div style=\"text-align: left;\" data-title-color=\"#443f3f\" data-headings-color=\"#443f3f\" class=\"panel-widget-style panel-widget-style-for-86-0-1-7\" ><div\n\t\t\t\n\t\t\tclass=\"so-widget-sow-image so-widget-sow-image-default-8b5b6f678277-86\"\n\t\t\t\n\t\t>\n<div class=\"sow-image-container\">\n\t\t<img \n\tsrc=\"https:\/\/ur-windschott.de\/wp-content\/uploads\/2018\/08\/ProduktseiteBilder-2.jpg\" width=\"1600\" height=\"986\" srcset=\"https:\/\/ur-windschott.de\/wp-content\/uploads\/2018\/08\/ProduktseiteBilder-2.jpg 1600w, https:\/\/ur-windschott.de\/wp-content\/uploads\/2018\/08\/ProduktseiteBilder-2-300x185.jpg 300w, https:\/\/ur-windschott.de\/wp-content\/uploads\/2018\/08\/ProduktseiteBilder-2-768x473.jpg 768w, https:\/\/ur-windschott.de\/wp-content\/uploads\/2018\/08\/ProduktseiteBilder-2-1024x631.jpg 1024w, https:\/\/ur-windschott.de\/wp-content\/uploads\/2018\/08\/ProduktseiteBilder-2-830x511.jpg 830w, https:\/\/ur-windschott.de\/wp-content\/uploads\/2018\/08\/ProduktseiteBilder-2-230x142.jpg 230w, https:\/\/ur-windschott.de\/wp-content\/uploads\/2018\/08\/ProduktseiteBilder-2-350x216.jpg 350w, https:\/\/ur-windschott.de\/wp-content\/uploads\/2018\/08\/ProduktseiteBilder-2-480x296.jpg 480w\" sizes=\"(max-width: 1600px) 100vw, 1600px\" title=\"Porsche Boxster Glass Windschott\" alt=\"Porsche Boxster Glass Windschott Real glass UR-Windschott\" \t\tclass=\"so-widget-image\"\/>\n\t<\/div>\n\n<\/div><\/div><\/div><div id=\"panel-86-0-1-8\" class=\"so-panel widget widget_sow-image\" data-index=\"11\" ><div style=\"text-align: left;\" data-title-color=\"#443f3f\" data-headings-color=\"#443f3f\" class=\"panel-widget-style panel-widget-style-for-86-0-1-8\" ><div\n\t\t\t\n\t\t\tclass=\"so-widget-sow-image so-widget-sow-image-default-8b5b6f678277-86\"\n\t\t\t\n\t\t>\n<div class=\"sow-image-container\">\n\t\t<img \n\tsrc=\"https:\/\/ur-windschott.de\/wp-content\/uploads\/2018\/08\/ProduktseiteBilder.jpg\" width=\"1600\" height=\"718\" srcset=\"https:\/\/ur-windschott.de\/wp-content\/uploads\/2018\/08\/ProduktseiteBilder.jpg 1600w, https:\/\/ur-windschott.de\/wp-content\/uploads\/2018\/08\/ProduktseiteBilder-300x135.jpg 300w, https:\/\/ur-windschott.de\/wp-content\/uploads\/2018\/08\/ProduktseiteBilder-768x345.jpg 768w, https:\/\/ur-windschott.de\/wp-content\/uploads\/2018\/08\/ProduktseiteBilder-1024x460.jpg 1024w, https:\/\/ur-windschott.de\/wp-content\/uploads\/2018\/08\/ProduktseiteBilder-830x372.jpg 830w, https:\/\/ur-windschott.de\/wp-content\/uploads\/2018\/08\/ProduktseiteBilder-230x103.jpg 230w, https:\/\/ur-windschott.de\/wp-content\/uploads\/2018\/08\/ProduktseiteBilder-350x157.jpg 350w, https:\/\/ur-windschott.de\/wp-content\/uploads\/2018\/08\/ProduktseiteBilder-480x215.jpg 480w\" sizes=\"(max-width: 1600px) 100vw, 1600px\" title=\"BMW Z4 E89 Windschott\" alt=\"BMW Z4 E89 Windschott UR-Windschott\" \t\tclass=\"so-widget-image\"\/>\n\t<\/div>\n\n<\/div><\/div><\/div><div id=\"panel-86-0-1-9\" class=\"so-panel widget widget_sow-image\" data-index=\"12\" ><div style=\"text-align: left;\" data-title-color=\"#443f3f\" data-headings-color=\"#443f3f\" class=\"panel-widget-style panel-widget-style-for-86-0-1-9\" ><div\n\t\t\t\n\t\t\tclass=\"so-widget-sow-image so-widget-sow-image-default-8b5b6f678277-86\"\n\t\t\t\n\t\t>\n<div class=\"sow-image-container\">\n\t\t<img \n\tsrc=\"https:\/\/ur-windschott.de\/wp-content\/uploads\/2019\/03\/R172-New-1.jpg\" width=\"1000\" height=\"750\" srcset=\"https:\/\/ur-windschott.de\/wp-content\/uploads\/2019\/03\/R172-New-1.jpg 1000w, https:\/\/ur-windschott.de\/wp-content\/uploads\/2019\/03\/R172-New-1-300x225.jpg 300w, https:\/\/ur-windschott.de\/wp-content\/uploads\/2019\/03\/R172-New-1-768x576.jpg 768w, https:\/\/ur-windschott.de\/wp-content\/uploads\/2019\/03\/R172-New-1-830x623.jpg 830w, https:\/\/ur-windschott.de\/wp-content\/uploads\/2019\/03\/R172-New-1-230x173.jpg 230w, https:\/\/ur-windschott.de\/wp-content\/uploads\/2019\/03\/R172-New-1-350x263.jpg 350w, https:\/\/ur-windschott.de\/wp-content\/uploads\/2019\/03\/R172-New-1-480x360.jpg 480w\" sizes=\"(max-width: 1000px) 100vw, 1000px\" title=\"Glasswindschott von UR-WindschottGlass-Winddeflector UR-Windschott\" alt=\"Glaswindschott Mercedes SLK SLC R172 UR-Windschott\" \t\tclass=\"so-widget-image\"\/>\n\t<\/div>\n\n<\/div><\/div><\/div><div id=\"panel-86-0-1-10\" class=\"so-panel widget widget_sow-image\" data-index=\"13\" ><div style=\"text-align: left;\" data-title-color=\"#443f3f\" data-headings-color=\"#443f3f\" class=\"panel-widget-style panel-widget-style-for-86-0-1-10\" ><div\n\t\t\t\n\t\t\tclass=\"so-widget-sow-image so-widget-sow-image-default-8b5b6f678277-86\"\n\t\t\t\n\t\t>\n<div class=\"sow-image-container\">\n\t\t<img \n\tsrc=\"https:\/\/ur-windschott.de\/wp-content\/uploads\/2022\/06\/Ftypewindschott.jpg\" width=\"800\" height=\"600\" srcset=\"https:\/\/ur-windschott.de\/wp-content\/uploads\/2022\/06\/Ftypewindschott.jpg 800w, https:\/\/ur-windschott.de\/wp-content\/uploads\/2022\/06\/Ftypewindschott-300x225.jpg 300w, https:\/\/ur-windschott.de\/wp-content\/uploads\/2022\/06\/Ftypewindschott-768x576.jpg 768w, https:\/\/ur-windschott.de\/wp-content\/uploads\/2022\/06\/Ftypewindschott-16x12.jpg 16w, https:\/\/ur-windschott.de\/wp-content\/uploads\/2022\/06\/Ftypewindschott-230x173.jpg 230w, https:\/\/ur-windschott.de\/wp-content\/uploads\/2022\/06\/Ftypewindschott-350x263.jpg 350w, https:\/\/ur-windschott.de\/wp-content\/uploads\/2022\/06\/Ftypewindschott-480x360.jpg 480w\" sizes=\"(max-width: 800px) 100vw, 800px\" title=\"Glaswindschott Jaguar F-Type Glass-winddeflector\" alt=\"Glaswindschott Glass winddeflector Jaguar F-Type UR-Windschott\" \t\tclass=\"so-widget-image\"\/>\n\t<\/div>\n\n<\/div><\/div><\/div><div id=\"panel-86-0-1-11\" class=\"so-panel widget widget_sow-image\" data-index=\"14\" ><div style=\"text-align: left;\" data-title-color=\"#443f3f\" data-headings-color=\"#443f3f\" class=\"panel-widget-style panel-widget-style-for-86-0-1-11\" ><div\n\t\t\t\n\t\t\tclass=\"so-widget-sow-image so-widget-sow-image-default-8b5b6f678277-86\"\n\t\t\t\n\t\t>\n<div class=\"sow-image-container\">\n\t\t<img \n\tsrc=\"https:\/\/ur-windschott.de\/wp-content\/uploads\/2018\/09\/P1060450.jpg\" width=\"1600\" height=\"1200\" srcset=\"https:\/\/ur-windschott.de\/wp-content\/uploads\/2018\/09\/P1060450.jpg 1600w, https:\/\/ur-windschott.de\/wp-content\/uploads\/2018\/09\/P1060450-300x225.jpg 300w, https:\/\/ur-windschott.de\/wp-content\/uploads\/2018\/09\/P1060450-768x576.jpg 768w, https:\/\/ur-windschott.de\/wp-content\/uploads\/2018\/09\/P1060450-1024x768.jpg 1024w, https:\/\/ur-windschott.de\/wp-content\/uploads\/2018\/09\/P1060450-830x623.jpg 830w, https:\/\/ur-windschott.de\/wp-content\/uploads\/2018\/09\/P1060450-230x173.jpg 230w, https:\/\/ur-windschott.de\/wp-content\/uploads\/2018\/09\/P1060450-350x263.jpg 350w, https:\/\/ur-windschott.de\/wp-content\/uploads\/2018\/09\/P1060450-480x360.jpg 480w\" sizes=\"(max-width: 1600px) 100vw, 1600px\" title=\"Jaguar F-Type Windschott\" alt=\"Glaswindschott Glass winddeflector Jaguar F-Type UR-Windschott\" \t\tclass=\"so-widget-image\"\/>\n\t<\/div>\n\n<\/div><\/div><\/div><div id=\"panel-86-0-1-12\" class=\"so-panel widget widget_sow-image\" data-index=\"15\" ><div style=\"text-align: left;\" data-title-color=\"#443f3f\" data-headings-color=\"#443f3f\" class=\"panel-widget-style panel-widget-style-for-86-0-1-12\" ><div\n\t\t\t\n\t\t\tclass=\"so-widget-sow-image so-widget-sow-image-default-8b5b6f678277-86\"\n\t\t\t\n\t\t>\n<div class=\"sow-image-container\">\n\t\t<img \n\tsrc=\"https:\/\/ur-windschott.de\/wp-content\/uploads\/2026\/01\/IMG_3286-scaled.jpg\" width=\"2560\" height=\"1920\" srcset=\"https:\/\/ur-windschott.de\/wp-content\/uploads\/2026\/01\/IMG_3286-scaled.jpg 2560w, https:\/\/ur-windschott.de\/wp-content\/uploads\/2026\/01\/IMG_3286-300x225.jpg 300w, https:\/\/ur-windschott.de\/wp-content\/uploads\/2026\/01\/IMG_3286-1024x768.jpg 1024w, https:\/\/ur-windschott.de\/wp-content\/uploads\/2026\/01\/IMG_3286-768x576.jpg 768w, https:\/\/ur-windschott.de\/wp-content\/uploads\/2026\/01\/IMG_3286-1536x1152.jpg 1536w, https:\/\/ur-windschott.de\/wp-content\/uploads\/2026\/01\/IMG_3286-2048x1536.jpg 2048w, https:\/\/ur-windschott.de\/wp-content\/uploads\/2026\/01\/IMG_3286-16x12.jpg 16w, https:\/\/ur-windschott.de\/wp-content\/uploads\/2026\/01\/IMG_3286-1000x750.jpg 1000w, https:\/\/ur-windschott.de\/wp-content\/uploads\/2026\/01\/IMG_3286-230x173.jpg 230w, https:\/\/ur-windschott.de\/wp-content\/uploads\/2026\/01\/IMG_3286-350x263.jpg 350w, https:\/\/ur-windschott.de\/wp-content\/uploads\/2026\/01\/IMG_3286-480x360.jpg 480w\" sizes=\"(max-width: 2560px) 100vw, 2560px\" title=\"Spezialversion auf Kundenwunsch flach\" alt=\"\" \t\tclass=\"so-widget-image\"\/>\n\t<\/div>\n\n<\/div><\/div><\/div><div id=\"panel-86-0-1-13\" class=\"so-panel widget widget_sow-image\" data-index=\"16\" ><div style=\"text-align: left;\" data-title-color=\"#443f3f\" data-headings-color=\"#443f3f\" class=\"panel-widget-style panel-widget-style-for-86-0-1-13\" ><div\n\t\t\t\n\t\t\tclass=\"so-widget-sow-image so-widget-sow-image-default-8b5b6f678277-86\"\n\t\t\t\n\t\t>\n<div class=\"sow-image-container\">\n\t\t<img \n\tsrc=\"https:\/\/ur-windschott.de\/wp-content\/uploads\/2018\/10\/F23.jpg\" width=\"1280\" height=\"830\" srcset=\"https:\/\/ur-windschott.de\/wp-content\/uploads\/2018\/10\/F23.jpg 1280w, https:\/\/ur-windschott.de\/wp-content\/uploads\/2018\/10\/F23-300x195.jpg 300w, https:\/\/ur-windschott.de\/wp-content\/uploads\/2018\/10\/F23-768x498.jpg 768w, https:\/\/ur-windschott.de\/wp-content\/uploads\/2018\/10\/F23-1024x664.jpg 1024w, https:\/\/ur-windschott.de\/wp-content\/uploads\/2018\/10\/F23-830x538.jpg 830w, https:\/\/ur-windschott.de\/wp-content\/uploads\/2018\/10\/F23-230x149.jpg 230w, https:\/\/ur-windschott.de\/wp-content\/uploads\/2018\/10\/F23-350x227.jpg 350w, https:\/\/ur-windschott.de\/wp-content\/uploads\/2018\/10\/F23-480x311.jpg 480w\" sizes=\"(max-width: 1280px) 100vw, 1280px\" title=\"F23 BMW 2erUR-Windschott\" alt=\"Glaswindschott BMW F23 UR-Windschott\" \t\tclass=\"so-widget-image\"\/>\n\t<\/div>\n\n<\/div><\/div><\/div><div id=\"panel-86-0-1-14\" class=\"so-panel widget widget_sow-image\" data-index=\"17\" ><div style=\"text-align: left;\" data-title-color=\"#443f3f\" data-headings-color=\"#443f3f\" class=\"panel-widget-style panel-widget-style-for-86-0-1-14\" ><div\n\t\t\t\n\t\t\tclass=\"so-widget-sow-image so-widget-sow-image-default-8b5b6f678277-86\"\n\t\t\t\n\t\t>\n<div class=\"sow-image-container\">\n\t\t<img \n\tsrc=\"https:\/\/ur-windschott.de\/wp-content\/uploads\/2018\/08\/ProduktseiteBilder-6.jpg\" width=\"1600\" height=\"1200\" srcset=\"https:\/\/ur-windschott.de\/wp-content\/uploads\/2018\/08\/ProduktseiteBilder-6.jpg 1600w, https:\/\/ur-windschott.de\/wp-content\/uploads\/2018\/08\/ProduktseiteBilder-6-300x225.jpg 300w, https:\/\/ur-windschott.de\/wp-content\/uploads\/2018\/08\/ProduktseiteBilder-6-768x576.jpg 768w, https:\/\/ur-windschott.de\/wp-content\/uploads\/2018\/08\/ProduktseiteBilder-6-1024x768.jpg 1024w, https:\/\/ur-windschott.de\/wp-content\/uploads\/2018\/08\/ProduktseiteBilder-6-830x623.jpg 830w, https:\/\/ur-windschott.de\/wp-content\/uploads\/2018\/08\/ProduktseiteBilder-6-230x173.jpg 230w, https:\/\/ur-windschott.de\/wp-content\/uploads\/2018\/08\/ProduktseiteBilder-6-350x263.jpg 350w, https:\/\/ur-windschott.de\/wp-content\/uploads\/2018\/08\/ProduktseiteBilder-6-480x360.jpg 480w\" sizes=\"(max-width: 1600px) 100vw, 1600px\" title=\"BMW Z4 E85 Windschott Strahlung\" alt=\"BMW Z4 E85 Windschott Strahlung UR-Windschott Logo\" \t\tclass=\"so-widget-image\"\/>\n\t<\/div>\n\n<\/div><\/div><\/div><div id=\"panel-86-0-1-15\" class=\"so-panel widget widget_sow-image panel-last-child\" data-index=\"18\" ><div style=\"text-align: left;\" data-title-color=\"#443f3f\" data-headings-color=\"#443f3f\" class=\"panel-widget-style panel-widget-style-for-86-0-1-15\" ><div\n\t\t\t\n\t\t\tclass=\"so-widget-sow-image so-widget-sow-image-default-8b5b6f678277-86\"\n\t\t\t\n\t\t>\n<div class=\"sow-image-container\">\n\t\t<img \n\tsrc=\"https:\/\/ur-windschott.de\/wp-content\/uploads\/2022\/05\/G29_Glaswindschott.jpg\" width=\"1080\" height=\"1708\" srcset=\"https:\/\/ur-windschott.de\/wp-content\/uploads\/2022\/05\/G29_Glaswindschott.jpg 1080w, https:\/\/ur-windschott.de\/wp-content\/uploads\/2022\/05\/G29_Glaswindschott-190x300.jpg 190w, https:\/\/ur-windschott.de\/wp-content\/uploads\/2022\/05\/G29_Glaswindschott-647x1024.jpg 647w, https:\/\/ur-windschott.de\/wp-content\/uploads\/2022\/05\/G29_Glaswindschott-768x1215.jpg 768w, https:\/\/ur-windschott.de\/wp-content\/uploads\/2022\/05\/G29_Glaswindschott-971x1536.jpg 971w, https:\/\/ur-windschott.de\/wp-content\/uploads\/2022\/05\/G29_Glaswindschott-8x12.jpg 8w, https:\/\/ur-windschott.de\/wp-content\/uploads\/2022\/05\/G29_Glaswindschott-920x1455.jpg 920w, https:\/\/ur-windschott.de\/wp-content\/uploads\/2022\/05\/G29_Glaswindschott-230x364.jpg 230w, https:\/\/ur-windschott.de\/wp-content\/uploads\/2022\/05\/G29_Glaswindschott-350x554.jpg 350w, https:\/\/ur-windschott.de\/wp-content\/uploads\/2022\/05\/G29_Glaswindschott-480x759.jpg 480w\" sizes=\"(max-width: 1080px) 100vw, 1080px\" title=\"Glaswindschott G29 Glass-winddeflector\" alt=\"Glass winddeflector BMW Z4 G29 UR-Windschott\" \t\tclass=\"so-widget-image\"\/>\n\t<\/div>\n\n<\/div><\/div><\/div><\/div><\/div><\/div><\/div>","protected":false},"excerpt":{"rendered":"<p>Warum sich Kunden f\u00fcr ein UR-Glaswindschott entscheiden T\u00dcV gepr\u00fcft, somit kein Verlust der Betriebserlaubnis, die T\u00dcV-Best\u00e4tigung wird mit dem Windschott geliefert. mehr [&hellip;]<\/p>\n","protected":false},"author":1,"featured_media":0,"parent":0,"menu_order":0,"comment_status":"closed","ping_status":"closed","template":"page-templates\/page_fullwidth.php","meta":{"footnotes":""},"class_list":["post-86","page","type-page","status-publish","hentry"],"_links":{"self":[{"href":"https:\/\/ur-windschott.de\/en\/wp-json\/wp\/v2\/pages\/86","targetHints":{"allow":["GET"]}}],"collection":[{"href":"https:\/\/ur-windschott.de\/en\/wp-json\/wp\/v2\/pages"}],"about":[{"href":"https:\/\/ur-windschott.de\/en\/wp-json\/wp\/v2\/types\/page"}],"author":[{"embeddable":true,"href":"https:\/\/ur-windschott.de\/en\/wp-json\/wp\/v2\/users\/1"}],"replies":[{"embeddable":true,"href":"https:\/\/ur-windschott.de\/en\/wp-json\/wp\/v2\/comments?post=86"}],"version-history":[{"count":2,"href":"https:\/\/ur-windschott.de\/en\/wp-json\/wp\/v2\/pages\/86\/revisions"}],"predecessor-version":[{"id":2242,"href":"https:\/\/ur-windschott.de\/en\/wp-json\/wp\/v2\/pages\/86\/revisions\/2242"}],"wp:attachment":[{"href":"https:\/\/ur-windschott.de\/en\/wp-json\/wp\/v2\/media?parent=86"}],"curies":[{"name":"wp","href":"https:\/\/api.w.org\/{rel}","templated":true}]}}